{"id":641,"date":"2024-10-04T17:19:34","date_gmt":"2024-10-04T15:19:34","guid":{"rendered":"https:\/\/fasciatherapie.org\/congres2025fasciafrance\/?page_id=641"},"modified":"2025-04-27T11:19:24","modified_gmt":"2025-04-27T09:19:24","slug":"inscriptions","status":"publish","type":"page","link":"https:\/\/fasciatherapie.org\/congres2025fasciafrance\/inscriptions\/","title":{"rendered":"Inscriptions"},"content":{"rendered":"\t\t<div data-elementor-type=\"wp-page\" data-elementor-id=\"641\" class=\"elementor elementor-641\">\n\t\t\t\t<div class=\"elementor-element elementor-element-27c49ba e-flex e-con-boxed e-con e-parent\" data-id=\"27c49ba\" data-element_type=\"container\" data-e-type=\"container\">\n\t\t\t\t\t<div class=\"e-con-inner\">\n\t\t\t\t<div class=\"elementor-element elementor-element-f366978 elementor-widget elementor-widget-heading\" data-id=\"f366978\" data-element_type=\"widget\" data-e-type=\"widget\" data-widget_type=\"heading.default\">\n\t\t\t\t<div class=\"elementor-widget-container\">\n\t\t\t\t\t<h1 class=\"elementor-heading-title elementor-size-default\">Inscriptions au congr\u00e8s<\/h1>\t\t\t\t<\/div>\n\t\t\t\t<\/div>\n\t\t\t\t\t<\/div>\n\t\t\t\t<\/div>\n\t\t<div class=\"elementor-element elementor-element-0609a19 e-flex e-con-boxed e-con e-parent\" data-id=\"0609a19\" data-element_type=\"container\" data-e-type=\"container\">\n\t\t\t\t\t<div class=\"e-con-inner\">\n\t\t<div class=\"elementor-element elementor-element-b896049 e-con-full e-flex e-con e-child\" data-id=\"b896049\" data-element_type=\"container\" data-e-type=\"container\">\n\t\t<div class=\"elementor-element elementor-element-2c67185 e-con-full e-flex e-con e-child\" data-id=\"2c67185\" data-element_type=\"container\" data-e-type=\"container\">\n\t\t\t\t<div class=\"elementor-element elementor-element-d2d03f6 elementor-widget elementor-widget-heading\" data-id=\"d2d03f6\" data-element_type=\"widget\" data-e-type=\"widget\" data-widget_type=\"heading.default\">\n\t\t\t\t<div class=\"elementor-widget-container\">\n\t\t\t\t\t<h2 class=\"elementor-heading-title elementor-size-default\">Inscriptions en pr\u00e9sentiel<\/h2>\t\t\t\t<\/div>\n\t\t\t\t<\/div>\n\t\t\t\t<\/div>\n\t\t\t\t<div class=\"elementor-element elementor-element-d0bb66f elementor-widget elementor-widget-text-editor\" data-id=\"d0bb66f\" data-element_type=\"widget\" data-e-type=\"widget\" data-widget_type=\"text-editor.default\">\n\t\t\t\t<div class=\"elementor-widget-container\">\n\t\t\t\t\t\t\t\t\t<p><span style=\"color: #000080;\"><strong>L\u2019inscription au congr\u00e8s comprend l\u2019entr\u00e9e avec <span style=\"text-decoration: underline;\">acc\u00e8s aux conf\u00e9rences, <\/span><\/strong><strong><span style=\"text-decoration: underline;\">ateliers pratiques et exposition de posters ainsi que les pauses et d\u00e9jeuners pour les 2 jours. Elle comprend \u00e9galement l&rsquo;acc\u00e8s aux replays des conf\u00e9rences<\/span>. <\/strong><\/span><span style=\"color: #000080;\">Vous pouvez \u00e9galement vous inscrire au gala d\u2019anniversaire pour le vendredi 9 mai 2025.<\/span><\/p><p><span style=\"color: #333399;\">Vous pourrez b\u00e9n\u00e9ficier des conf\u00e9rences traduites en anglais, en direct, \u00e0 l&rsquo;aide de votre smartphone et de vos \u00e9couteurs.<\/span><\/p><p><span style=\"color: #3366ff;\">Registration to the congress includes admission with access to conferences, practical workshops and poster exhibition, as well as breaks and lunches for the 2 days. It also includes access to conference replay. <\/span><span style=\"color: #3366ff;\">You can also register for the anniversary gala on Friday May 9, 2025.You can take advantage of conferences translated into English using your smartphone and headphones.<\/span><\/p>\t\t\t\t\t\t\t\t<\/div>\n\t\t\t\t<\/div>\n\t\t\t\t<\/div>\n\t\t\t\t\t<\/div>\n\t\t\t\t<\/div>\n\t\t<div class=\"elementor-element elementor-element-3f0558f e-flex e-con-boxed e-con e-parent\" data-id=\"3f0558f\" data-element_type=\"container\" data-e-type=\"container\">\n\t\t\t\t\t<div class=\"e-con-inner\">\n\t\t\t\t<div class=\"elementor-element elementor-element-885942b elementor-icon-list--layout-traditional elementor-list-item-link-full_width elementor-widget elementor-widget-icon-list\" data-id=\"885942b\" data-element_type=\"widget\" data-e-type=\"widget\" data-widget_type=\"icon-list.default\">\n\t\t\t\t<div class=\"elementor-widget-container\">\n\t\t\t\t\t\t\t<ul class=\"elementor-icon-list-items\">\n\t\t\t\t\t\t\t<li class=\"elementor-icon-list-item\">\n\t\t\t\t\t\t\t\t\t\t\t<span class=\"elementor-icon-list-icon\">\n\t\t\t\t\t\t\t<svg aria-hidden=\"true\" class=\"e-font-icon-svg e-fas-user-plus\" viewBox=\"0 0 640 512\" xmlns=\"http:\/\/www.w3.org\/2000\/svg\"><path d=\"M624 208h-64v-64c0-8.8-7.2-16-16-16h-32c-8.8 0-16 7.2-16 16v64h-64c-8.8 0-16 7.2-16 16v32c0 8.8 7.2 16 16 16h64v64c0 8.8 7.2 16 16 16h32c8.8 0 16-7.2 16-16v-64h64c8.8 0 16-7.2 16-16v-32c0-8.8-7.2-16-16-16zm-400 48c70.7 0 128-57.3 128-128S294.7 0 224 0 96 57.3 96 128s57.3 128 128 128zm89.6 32h-16.7c-22.2 10.2-46.9 16-72.9 16s-50.6-5.8-72.9-16h-16.7C60.2 288 0 348.2 0 422.4V464c0 26.5 21.5 48 48 48h352c26.5 0 48-21.5 48-48v-41.6c0-74.2-60.2-134.4-134.4-134.4z\"><\/path><\/svg>\t\t\t\t\t\t<\/span>\n\t\t\t\t\t\t\t\t\t\t<span class=\"elementor-icon-list-text\">Tarif adh\u00e9rents  : 200 euros<\/span>\n\t\t\t\t\t\t\t\t\t<\/li>\n\t\t\t\t\t\t\t\t<li class=\"elementor-icon-list-item\">\n\t\t\t\t\t\t\t\t\t\t\t<span class=\"elementor-icon-list-icon\">\n\t\t\t\t\t\t\t<svg aria-hidden=\"true\" class=\"e-font-icon-svg e-fas-user\" viewBox=\"0 0 448 512\" xmlns=\"http:\/\/www.w3.org\/2000\/svg\"><path d=\"M224 256c70.7 0 128-57.3 128-128S294.7 0 224 0 96 57.3 96 128s57.3 128 128 128zm89.6 32h-16.7c-22.2 10.2-46.9 16-72.9 16s-50.6-5.8-72.9-16h-16.7C60.2 288 0 348.2 0 422.4V464c0 26.5 21.5 48 48 48h352c26.5 0 48-21.5 48-48v-41.6c0-74.2-60.2-134.4-134.4-134.4z\"><\/path><\/svg>\t\t\t\t\t\t<\/span>\n\t\t\t\t\t\t\t\t\t\t<span class=\"elementor-icon-list-text\">Tarif tout public : 280 euros<\/span>\n\t\t\t\t\t\t\t\t\t<\/li>\n\t\t\t\t\t\t\t\t<li class=\"elementor-icon-list-item\">\n\t\t\t\t\t\t\t\t\t\t\t<span class=\"elementor-icon-list-icon\">\n\t\t\t\t\t\t\t<svg aria-hidden=\"true\" class=\"e-font-icon-svg e-fas-users\" viewBox=\"0 0 640 512\" xmlns=\"http:\/\/www.w3.org\/2000\/svg\"><path d=\"M96 224c35.3 0 64-28.7 64-64s-28.7-64-64-64-64 28.7-64 64 28.7 64 64 64zm448 0c35.3 0 64-28.7 64-64s-28.7-64-64-64-64 28.7-64 64 28.7 64 64 64zm32 32h-64c-17.6 0-33.5 7.1-45.1 18.6 40.3 22.1 68.9 62 75.1 109.4h66c17.7 0 32-14.3 32-32v-32c0-35.3-28.7-64-64-64zm-256 0c61.9 0 112-50.1 112-112S381.9 32 320 32 208 82.1 208 144s50.1 112 112 112zm76.8 32h-8.3c-20.8 10-43.9 16-68.5 16s-47.6-6-68.5-16h-8.3C179.6 288 128 339.6 128 403.2V432c0 26.5 21.5 48 48 48h288c26.5 0 48-21.5 48-48v-28.8c0-63.6-51.6-115.2-115.2-115.2zm-223.7-13.4C161.5 263.1 145.6 256 128 256H64c-35.3 0-64 28.7-64 64v32c0 17.7 14.3 32 32 32h65.9c6.3-47.4 34.9-87.3 75.2-109.4z\"><\/path><\/svg>\t\t\t\t\t\t<\/span>\n\t\t\t\t\t\t\t\t\t\t<span class=\"elementor-icon-list-text\">Gala anniversaire : 50 euros<\/span>\n\t\t\t\t\t\t\t\t\t<\/li>\n\t\t\t\t\t\t<\/ul>\n\t\t\t\t\t\t<\/div>\n\t\t\t\t<\/div>\n\t\t\t\t<div class=\"elementor-element elementor-element-c3b350c elementor-widget elementor-widget-heading\" data-id=\"c3b350c\" data-element_type=\"widget\" data-e-type=\"widget\" data-widget_type=\"heading.default\">\n\t\t\t\t<div class=\"elementor-widget-container\">\n\t\t\t\t\t<h2 class=\"elementor-heading-title elementor-size-default\">Nos inscriptions au congr\u00e8s en pr\u00e9sentiel sont compl\u00e8tes.<br>Vous pouvez vous inscrire sur liste d'attente ou en distanciel ci-dessous<\/h2>\t\t\t\t<\/div>\n\t\t\t\t<\/div>\n\t\t\t\t\t<\/div>\n\t\t\t\t<\/div>\n\t\t<div class=\"elementor-element elementor-element-03c7fef e-flex e-con-boxed e-con e-parent\" data-id=\"03c7fef\" data-element_type=\"container\" data-e-type=\"container\">\n\t\t\t\t\t<div class=\"e-con-inner\">\n\t\t<div class=\"elementor-element elementor-element-86b53bf e-con-full e-flex e-con e-child\" data-id=\"86b53bf\" data-element_type=\"container\" data-e-type=\"container\">\n\t\t<div class=\"elementor-element elementor-element-050af41 e-con-full e-flex e-con e-child\" data-id=\"050af41\" data-element_type=\"container\" data-e-type=\"container\">\n\t\t\t\t<div class=\"elementor-element elementor-element-0af91bf elementor-widget elementor-widget-heading\" data-id=\"0af91bf\" data-element_type=\"widget\" data-e-type=\"widget\" data-widget_type=\"heading.default\">\n\t\t\t\t<div class=\"elementor-widget-container\">\n\t\t\t\t\t<h2 class=\"elementor-heading-title elementor-size-default\">Inscriptions sur liste d'attente<\/h2>\t\t\t\t<\/div>\n\t\t\t\t<\/div>\n\t\t\t\t<\/div>\n\t\t\t\t<\/div>\n\t\t\t\t<div class=\"elementor-element elementor-element-58783e1 elementor-widget elementor-widget-button\" data-id=\"58783e1\" data-element_type=\"widget\" data-e-type=\"widget\" data-widget_type=\"button.default\">\n\t\t\t\t<div class=\"elementor-widget-container\">\n\t\t\t\t\t\t\t\t\t<div class=\"elementor-button-wrapper\">\n\t\t\t\t\t<a class=\"elementor-button elementor-button-link elementor-size-sm\" href=\"https:\/\/fasciatherapie.org\/congres2025fasciafrance\/elementor-579\/\">\n\t\t\t\t\t\t<span class=\"elementor-button-content-wrapper\">\n\t\t\t\t\t\t\t\t\t<span class=\"elementor-button-text\">Liste d'attente<\/span>\n\t\t\t\t\t<\/span>\n\t\t\t\t\t<\/a>\n\t\t\t\t<\/div>\n\t\t\t\t\t\t\t\t<\/div>\n\t\t\t\t<\/div>\n\t\t\t\t\t<\/div>\n\t\t\t\t<\/div>\n\t\t<div class=\"elementor-element elementor-element-13bfa18 e-flex e-con-boxed e-con e-parent\" data-id=\"13bfa18\" data-element_type=\"container\" data-e-type=\"container\">\n\t\t\t\t\t<div class=\"e-con-inner\">\n\t\t<div class=\"elementor-element elementor-element-e920ed4 e-con-full e-flex e-con e-child\" data-id=\"e920ed4\" data-element_type=\"container\" data-e-type=\"container\">\n\t\t<div class=\"elementor-element elementor-element-b75c384 e-con-full e-flex e-con e-child\" data-id=\"b75c384\" data-element_type=\"container\" data-e-type=\"container\">\n\t\t\t\t<div class=\"elementor-element elementor-element-caec92c elementor-widget elementor-widget-heading\" data-id=\"caec92c\" data-element_type=\"widget\" data-e-type=\"widget\" data-widget_type=\"heading.default\">\n\t\t\t\t<div class=\"elementor-widget-container\">\n\t\t\t\t\t<h2 class=\"elementor-heading-title elementor-size-default\">Inscriptions en distanciel<\/h2>\t\t\t\t<\/div>\n\t\t\t\t<\/div>\n\t\t\t\t<\/div>\n\t\t\t\t<div class=\"elementor-element elementor-element-6d60c71 elementor-widget elementor-widget-text-editor\" data-id=\"6d60c71\" data-element_type=\"widget\" data-e-type=\"widget\" data-widget_type=\"text-editor.default\">\n\t\t\t\t<div class=\"elementor-widget-container\">\n\t\t\t\t\t\t\t\t\t<p><span style=\"color: #000080;\"><b>Pour que le plus grand nombre d&rsquo;entre vous puisse nous rejoindre \u00e0 ce congr\u00e8s, nous avons organis\u00e9 une retransmission en direct des conf\u00e9rences de cet <\/b><span style=\"caret-color: #000080;\"><b>\u00e9v\u00e9nement. Une traduction\u00a0<\/b><\/span><\/span><span style=\"color: #000080;\"><span style=\"caret-color: #000080;\"><b>simultan\u00e9e en anglais sera disponible. L&rsquo;inscription en distanciel comprend aussi l&rsquo;acc\u00e8s aux replays des conf\u00e9rences.\u00a0<\/b><\/span><\/span><\/p><p><span style=\"color: #3366ff;\">To enable as many of you as possible to join us at the conference, we have organized a live broadcast of the sessions. Simultaneous translation into English will be available. Remote registration also includes access to conference replay.\u00a0<\/span><\/p>\t\t\t\t\t\t\t\t<\/div>\n\t\t\t\t<\/div>\n\t\t\t\t<\/div>\n\t\t\t\t\t<\/div>\n\t\t\t\t<\/div>\n\t\t<div class=\"elementor-element elementor-element-615413c e-flex e-con-boxed e-con e-parent\" data-id=\"615413c\" data-element_type=\"container\" data-e-type=\"container\">\n\t\t\t\t\t<div class=\"e-con-inner\">\n\t\t\t\t<div class=\"elementor-element elementor-element-64a0d77 elementor-icon-list--layout-traditional elementor-list-item-link-full_width elementor-widget elementor-widget-icon-list\" data-id=\"64a0d77\" data-element_type=\"widget\" data-e-type=\"widget\" data-widget_type=\"icon-list.default\">\n\t\t\t\t<div class=\"elementor-widget-container\">\n\t\t\t\t\t\t\t<ul class=\"elementor-icon-list-items\">\n\t\t\t\t\t\t\t<li class=\"elementor-icon-list-item\">\n\t\t\t\t\t\t\t\t\t\t\t<span class=\"elementor-icon-list-icon\">\n\t\t\t\t\t\t\t<svg aria-hidden=\"true\" class=\"e-font-icon-svg e-fas-video\" viewBox=\"0 0 576 512\" xmlns=\"http:\/\/www.w3.org\/2000\/svg\"><path d=\"M336.2 64H47.8C21.4 64 0 85.4 0 111.8v288.4C0 426.6 21.4 448 47.8 448h288.4c26.4 0 47.8-21.4 47.8-47.8V111.8c0-26.4-21.4-47.8-47.8-47.8zm189.4 37.7L416 177.3v157.4l109.6 75.5c21.2 14.6 50.4-.3 50.4-25.8V127.5c0-25.4-29.1-40.4-50.4-25.8z\"><\/path><\/svg>\t\t\t\t\t\t<\/span>\n\t\t\t\t\t\t\t\t\t\t<span class=\"elementor-icon-list-text\">Tarif distanciel : 200 euros<\/span>\n\t\t\t\t\t\t\t\t\t<\/li>\n\t\t\t\t\t\t<\/ul>\n\t\t\t\t\t\t<\/div>\n\t\t\t\t<\/div>\n\t\t\t\t\t<\/div>\n\t\t\t\t<\/div>\n\t\t<div class=\"elementor-element elementor-element-508ee19 e-flex e-con-boxed e-con e-parent\" data-id=\"508ee19\" data-element_type=\"container\" data-e-type=\"container\">\n\t\t\t\t\t<div class=\"e-con-inner\">\n\t\t\t\t<div class=\"elementor-element elementor-element-047c797 elementor-align-center elementor-widget elementor-widget-button\" data-id=\"047c797\" data-element_type=\"widget\" data-e-type=\"widget\" data-widget_type=\"button.default\">\n\t\t\t\t<div class=\"elementor-widget-container\">\n\t\t\t\t\t\t\t\t\t<div class=\"elementor-button-wrapper\">\n\t\t\t\t\t<a class=\"elementor-button elementor-button-link elementor-size-sm\" href=\"https:\/\/fasciafrance.assoconnect.com\/collect\/description\/526882-c-inscription-congres-2025-fasciafrance-en-distanciel\">\n\t\t\t\t\t\t<span class=\"elementor-button-content-wrapper\">\n\t\t\t\t\t\t\t\t\t<span class=\"elementor-button-text\">Je souhaite participer au congr\u00e8s en distanciel<\/span>\n\t\t\t\t\t<\/span>\n\t\t\t\t\t<\/a>\n\t\t\t\t<\/div>\n\t\t\t\t\t\t\t\t<\/div>\n\t\t\t\t<\/div>\n\t\t\t\t\t<\/div>\n\t\t\t\t<\/div>\n\t\t\t\t<\/div>\n\t\t","protected":false},"excerpt":{"rendered":"<p>Inscriptions au congr\u00e8s Inscriptions en pr\u00e9sentiel L\u2019inscription au congr\u00e8s comprend l\u2019entr\u00e9e avec acc\u00e8s aux conf\u00e9rences, ateliers pratiques et exposition de&hellip; <\/p>\n","protected":false},"author":1,"featured_media":0,"parent":0,"menu_order":0,"comment_status":"closed","ping_status":"closed","template":"","meta":{"footnotes":""},"class_list":["post-641","page","type-page","status-publish","hentry"],"yoast_head":"<!-- This site is optimized with the Yoast SEO plugin v25.4 - https:\/\/yoast.com\/wordpress\/plugins\/seo\/ -->\n<title>Inscriptions - Congr\u00e8s 2025<\/title>\n<meta name=\"robots\" content=\"index, follow, max-snippet:-1, max-image-preview:large, max-video-preview:-1\" \/>\n<link rel=\"canonical\" href=\"https:\/\/fasciatherapie.org\/congres2025fasciafrance\/inscriptions\/\" \/>\n<meta property=\"og:locale\" content=\"fr_FR\" \/>\n<meta property=\"og:type\" content=\"article\" \/>\n<meta property=\"og:title\" content=\"Inscriptions - Congr\u00e8s 2025\" \/>\n<meta property=\"og:description\" content=\"Inscriptions au congr\u00e8s Inscriptions en pr\u00e9sentiel L\u2019inscription au congr\u00e8s comprend l\u2019entr\u00e9e avec acc\u00e8s aux conf\u00e9rences, ateliers pratiques et exposition de&hellip;\" \/>\n<meta property=\"og:url\" content=\"https:\/\/fasciatherapie.org\/congres2025fasciafrance\/inscriptions\/\" \/>\n<meta property=\"og:site_name\" content=\"Congr\u00e8s 2025\" \/>\n<meta property=\"article:modified_time\" content=\"2025-04-27T09:19:24+00:00\" \/>\n<meta name=\"twitter:card\" content=\"summary_large_image\" \/>\n<meta name=\"twitter:label1\" content=\"Dur\u00e9e de lecture estim\u00e9e\" \/>\n\t<meta name=\"twitter:data1\" content=\"2 minutes\" \/>\n<script type=\"application\/ld+json\" class=\"yoast-schema-graph\">{\"@context\":\"https:\/\/schema.org\",\"@graph\":[{\"@type\":\"WebPage\",\"@id\":\"https:\/\/fasciatherapie.org\/congres2025fasciafrance\/inscriptions\/\",\"url\":\"https:\/\/fasciatherapie.org\/congres2025fasciafrance\/inscriptions\/\",\"name\":\"Inscriptions - Congr\u00e8s 2025\",\"isPartOf\":{\"@id\":\"https:\/\/fasciatherapie.org\/congres2025fasciafrance\/#website\"},\"datePublished\":\"2024-10-04T15:19:34+00:00\",\"dateModified\":\"2025-04-27T09:19:24+00:00\",\"breadcrumb\":{\"@id\":\"https:\/\/fasciatherapie.org\/congres2025fasciafrance\/inscriptions\/#breadcrumb\"},\"inLanguage\":\"fr-FR\",\"potentialAction\":[{\"@type\":\"ReadAction\",\"target\":[\"https:\/\/fasciatherapie.org\/congres2025fasciafrance\/inscriptions\/\"]}]},{\"@type\":\"BreadcrumbList\",\"@id\":\"https:\/\/fasciatherapie.org\/congres2025fasciafrance\/inscriptions\/#breadcrumb\",\"itemListElement\":[{\"@type\":\"ListItem\",\"position\":1,\"name\":\"Accueil\",\"item\":\"https:\/\/fasciatherapie.org\/congres2025fasciafrance\/\"},{\"@type\":\"ListItem\",\"position\":2,\"name\":\"Inscriptions\"}]},{\"@type\":\"WebSite\",\"@id\":\"https:\/\/fasciatherapie.org\/congres2025fasciafrance\/#website\",\"url\":\"https:\/\/fasciatherapie.org\/congres2025fasciafrance\/\",\"name\":\"Congr\u00e8s 2025\",\"description\":\"\",\"publisher\":{\"@id\":\"https:\/\/fasciatherapie.org\/congres2025fasciafrance\/#organization\"},\"potentialAction\":[{\"@type\":\"SearchAction\",\"target\":{\"@type\":\"EntryPoint\",\"urlTemplate\":\"https:\/\/fasciatherapie.org\/congres2025fasciafrance\/?s={search_term_string}\"},\"query-input\":{\"@type\":\"PropertyValueSpecification\",\"valueRequired\":true,\"valueName\":\"search_term_string\"}}],\"inLanguage\":\"fr-FR\"},{\"@type\":\"Organization\",\"@id\":\"https:\/\/fasciatherapie.org\/congres2025fasciafrance\/#organization\",\"name\":\"Congr\u00e8s 2025\",\"url\":\"https:\/\/fasciatherapie.org\/congres2025fasciafrance\/\",\"logo\":{\"@type\":\"ImageObject\",\"inLanguage\":\"fr-FR\",\"@id\":\"https:\/\/fasciatherapie.org\/congres2025fasciafrance\/#\/schema\/logo\/image\/\",\"url\":\"https:\/\/fasciatherapie.org\/congres2025fasciafrance\/wp-content\/uploads\/2024\/07\/cropped-cropped-Logo-30-ans-Fascia-France.jpg\",\"contentUrl\":\"https:\/\/fasciatherapie.org\/congres2025fasciafrance\/wp-content\/uploads\/2024\/07\/cropped-cropped-Logo-30-ans-Fascia-France.jpg\",\"width\":512,\"height\":512,\"caption\":\"Congr\u00e8s 2025\"},\"image\":{\"@id\":\"https:\/\/fasciatherapie.org\/congres2025fasciafrance\/#\/schema\/logo\/image\/\"}}]}<\/script>\n<!-- \/ Yoast SEO plugin. -->","yoast_head_json":{"title":"Inscriptions - Congr\u00e8s 2025","robots":{"index":"index","follow":"follow","max-snippet":"max-snippet:-1","max-image-preview":"max-image-preview:large","max-video-preview":"max-video-preview:-1"},"canonical":"https:\/\/fasciatherapie.org\/congres2025fasciafrance\/inscriptions\/","og_locale":"fr_FR","og_type":"article","og_title":"Inscriptions - Congr\u00e8s 2025","og_description":"Inscriptions au congr\u00e8s Inscriptions en pr\u00e9sentiel L\u2019inscription au congr\u00e8s comprend l\u2019entr\u00e9e avec acc\u00e8s aux conf\u00e9rences, ateliers pratiques et exposition de&hellip;","og_url":"https:\/\/fasciatherapie.org\/congres2025fasciafrance\/inscriptions\/","og_site_name":"Congr\u00e8s 2025","article_modified_time":"2025-04-27T09:19:24+00:00","twitter_card":"summary_large_image","twitter_misc":{"Dur\u00e9e de lecture estim\u00e9e":"2 minutes"},"schema":{"@context":"https:\/\/schema.org","@graph":[{"@type":"WebPage","@id":"https:\/\/fasciatherapie.org\/congres2025fasciafrance\/inscriptions\/","url":"https:\/\/fasciatherapie.org\/congres2025fasciafrance\/inscriptions\/","name":"Inscriptions - Congr\u00e8s 2025","isPartOf":{"@id":"https:\/\/fasciatherapie.org\/congres2025fasciafrance\/#website"},"datePublished":"2024-10-04T15:19:34+00:00","dateModified":"2025-04-27T09:19:24+00:00","breadcrumb":{"@id":"https:\/\/fasciatherapie.org\/congres2025fasciafrance\/inscriptions\/#breadcrumb"},"inLanguage":"fr-FR","potentialAction":[{"@type":"ReadAction","target":["https:\/\/fasciatherapie.org\/congres2025fasciafrance\/inscriptions\/"]}]},{"@type":"BreadcrumbList","@id":"https:\/\/fasciatherapie.org\/congres2025fasciafrance\/inscriptions\/#breadcrumb","itemListElement":[{"@type":"ListItem","position":1,"name":"Accueil","item":"https:\/\/fasciatherapie.org\/congres2025fasciafrance\/"},{"@type":"ListItem","position":2,"name":"Inscriptions"}]},{"@type":"WebSite","@id":"https:\/\/fasciatherapie.org\/congres2025fasciafrance\/#website","url":"https:\/\/fasciatherapie.org\/congres2025fasciafrance\/","name":"Congr\u00e8s 2025","description":"","publisher":{"@id":"https:\/\/fasciatherapie.org\/congres2025fasciafrance\/#organization"},"potentialAction":[{"@type":"SearchAction","target":{"@type":"EntryPoint","urlTemplate":"https:\/\/fasciatherapie.org\/congres2025fasciafrance\/?s={search_term_string}"},"query-input":{"@type":"PropertyValueSpecification","valueRequired":true,"valueName":"search_term_string"}}],"inLanguage":"fr-FR"},{"@type":"Organization","@id":"https:\/\/fasciatherapie.org\/congres2025fasciafrance\/#organization","name":"Congr\u00e8s 2025","url":"https:\/\/fasciatherapie.org\/congres2025fasciafrance\/","logo":{"@type":"ImageObject","inLanguage":"fr-FR","@id":"https:\/\/fasciatherapie.org\/congres2025fasciafrance\/#\/schema\/logo\/image\/","url":"https:\/\/fasciatherapie.org\/congres2025fasciafrance\/wp-content\/uploads\/2024\/07\/cropped-cropped-Logo-30-ans-Fascia-France.jpg","contentUrl":"https:\/\/fasciatherapie.org\/congres2025fasciafrance\/wp-content\/uploads\/2024\/07\/cropped-cropped-Logo-30-ans-Fascia-France.jpg","width":512,"height":512,"caption":"Congr\u00e8s 2025"},"image":{"@id":"https:\/\/fasciatherapie.org\/congres2025fasciafrance\/#\/schema\/logo\/image\/"}}]}},"_links":{"self":[{"href":"https:\/\/fasciatherapie.org\/congres2025fasciafrance\/wp-json\/wp\/v2\/pages\/641","targetHints":{"allow":["GET"]}}],"collection":[{"href":"https:\/\/fasciatherapie.org\/congres2025fasciafrance\/wp-json\/wp\/v2\/pages"}],"about":[{"href":"https:\/\/fasciatherapie.org\/congres2025fasciafrance\/wp-json\/wp\/v2\/types\/page"}],"author":[{"embeddable":true,"href":"https:\/\/fasciatherapie.org\/congres2025fasciafrance\/wp-json\/wp\/v2\/users\/1"}],"replies":[{"embeddable":true,"href":"https:\/\/fasciatherapie.org\/congres2025fasciafrance\/wp-json\/wp\/v2\/comments?post=641"}],"version-history":[{"count":61,"href":"https:\/\/fasciatherapie.org\/congres2025fasciafrance\/wp-json\/wp\/v2\/pages\/641\/revisions"}],"predecessor-version":[{"id":1450,"href":"https:\/\/fasciatherapie.org\/congres2025fasciafrance\/wp-json\/wp\/v2\/pages\/641\/revisions\/1450"}],"wp:attachment":[{"href":"https:\/\/fasciatherapie.org\/congres2025fasciafrance\/wp-json\/wp\/v2\/media?parent=641"}],"curies":[{"name":"wp","href":"https:\/\/api.w.org\/{rel}","templated":true}]}}