{"id":135,"date":"2024-07-30T11:27:04","date_gmt":"2024-07-30T09:27:04","guid":{"rendered":"https:\/\/fasciatherapie.org\/congres2025fasciafrance\/?page_id=135"},"modified":"2025-02-18T10:46:44","modified_gmt":"2025-02-18T08:46:44","slug":"appel-a-communication","status":"publish","type":"page","link":"https:\/\/fasciatherapie.org\/congres2025fasciafrance\/appel-a-communication\/","title":{"rendered":"Appel \u00e0 communications"},"content":{"rendered":"\t\t<div data-elementor-type=\"wp-page\" data-elementor-id=\"135\" class=\"elementor elementor-135\">\n\t\t\t\t<div class=\"elementor-element elementor-element-3b917870 e-flex e-con-boxed e-con e-parent\" data-id=\"3b917870\" data-element_type=\"container\" data-e-type=\"container\">\n\t\t\t\t\t<div class=\"e-con-inner\">\n\t\t\t\t<div class=\"elementor-element elementor-element-196a6e4 elementor-widget elementor-widget-heading\" data-id=\"196a6e4\" data-element_type=\"widget\" data-e-type=\"widget\" data-widget_type=\"heading.default\">\n\t\t\t\t<div class=\"elementor-widget-container\">\n\t\t\t\t\t<h1 class=\"elementor-heading-title elementor-size-default\">Appel \u00e0 communications<\/h1>\t\t\t\t<\/div>\n\t\t\t\t<\/div>\n\t\t\t\t<div class=\"elementor-element elementor-element-e479b7a elementor-widget elementor-widget-text-editor\" data-id=\"e479b7a\" data-element_type=\"widget\" data-e-type=\"widget\" data-widget_type=\"text-editor.default\">\n\t\t\t\t<div class=\"elementor-widget-container\">\n\t\t\t\t\t\t\t\t\t<p style=\"text-align: left;\"><span style=\"font-weight: 400;\">Le comit\u00e9 scientifique et le comit\u00e9 d\u2019organisation ont le plaisir de vous informer qu\u2019un appel \u00e0 communication sous la forme de communication orale, poster et atelier pratique est ouvert<strong> jusqu\u2019au 15 mars 2025.<\/strong> Le comit\u00e9 scientifique r\u00e9pondra \u00e0 toutes les communications au plus tard le 01 avril 2025.<\/span><\/p>\n<p><span style=\"font-weight: 400;\">Cet appel est ouvert \u00e0 tout chercheur et\/ou praticien qui souhaite partager ses recherches et son expertise dans le domaine de la fasciath\u00e9rapie ou plus g\u00e9n\u00e9ralement du fascia. <\/span><span style=\"font-weight: 400;\">Nous vous encourageons vivement \u00e0 participer \u00e0 cet \u00e9v\u00e9nement qui illustrera la vitalit\u00e9, la richesse et la diversit\u00e9 qui anime la fasciath\u00e9rapie.<\/span><\/p>\n<p><span style=\"font-weight: 400;\">Les communications sont \u00e0 adresser : <span style=\"color: #0000ff;\">cs.congres2025@fasciafrance.fr<\/span><\/span><\/p>\n<p><!-- \/wp:list --><\/p>\t\t\t\t\t\t\t\t<\/div>\n\t\t\t\t<\/div>\n\t\t\t\t<div class=\"elementor-element elementor-element-4247296 elementor-widget-divider--separator-type-pattern elementor-widget-divider--view-line elementor-widget elementor-widget-divider\" data-id=\"4247296\" data-element_type=\"widget\" data-e-type=\"widget\" data-widget_type=\"divider.default\">\n\t\t\t\t<div class=\"elementor-widget-container\">\n\t\t\t\t\t\t\t<div class=\"elementor-divider\" style=\"--divider-pattern-url: url(&quot;data:image\/svg+xml,%3Csvg xmlns=&#039;http:\/\/www.w3.org\/2000\/svg&#039; preserveAspectRatio=&#039;none&#039; overflow=&#039;visible&#039; height=&#039;100%&#039; viewBox=&#039;0 0 24 24&#039; fill=&#039;black&#039; stroke=&#039;none&#039;%3E%3Cpath d=&#039;M12.7,2.3c-0.4-0.4-1.1-0.4-1.5,0l-8,9.1c-0.3,0.4-0.3,0.9,0,1.2l8,9.1c0.4,0.4,1.1,0.4,1.5,0l8-9.1c0.3-0.4,0.3-0.9,0-1.2L12.7,2.3z&#039;\/%3E%3C\/svg%3E&quot;);\">\n\t\t\t<span class=\"elementor-divider-separator\">\n\t\t\t\t\t\t<\/span>\n\t\t<\/div>\n\t\t\t\t\t\t<\/div>\n\t\t\t\t<\/div>\n\t\t\t\t<div class=\"elementor-element elementor-element-268f08b elementor-widget elementor-widget-heading\" data-id=\"268f08b\" data-element_type=\"widget\" data-e-type=\"widget\" data-widget_type=\"heading.default\">\n\t\t\t\t<div class=\"elementor-widget-container\">\n\t\t\t\t\t<h2 class=\"elementor-heading-title elementor-size-default\">Recommandations pour d\u00e9poser une demande de communication<\/h2>\t\t\t\t<\/div>\n\t\t\t\t<\/div>\n\t\t\t\t<div class=\"elementor-element elementor-element-a26ce4f elementor-widget elementor-widget-heading\" data-id=\"a26ce4f\" data-element_type=\"widget\" data-e-type=\"widget\" data-widget_type=\"heading.default\">\n\t\t\t\t<div class=\"elementor-widget-container\">\n\t\t\t\t\t<h5 class=\"elementor-heading-title elementor-size-default\">Th\u00e9matiques accept\u00e9es <\/h5>\t\t\t\t<\/div>\n\t\t\t\t<\/div>\n\t\t\t\t<div class=\"elementor-element elementor-element-5ff2dc2 elementor-widget elementor-widget-text-editor\" data-id=\"5ff2dc2\" data-element_type=\"widget\" data-e-type=\"widget\" data-widget_type=\"text-editor.default\">\n\t\t\t\t<div class=\"elementor-widget-container\">\n\t\t\t\t\t\t\t\t\t<p><span style=\"font-weight: 400;\">Ce congr\u00e8s est ouvert aux recherches et travaux d\u2019experts dans le domaine des fascias et de la fasciath\u00e9rapie. Les th\u00e9matiques retenues sont les suivantes :<\/span><\/p>\n<ul>\n<li style=\"font-weight: 400;\" aria-level=\"1\"><span style=\"font-weight: 400;\">Recherches sur le fascia sous toutes ses formes<\/span><\/li>\n<li style=\"font-weight: 400;\" aria-level=\"1\"><span style=\"font-weight: 400;\">Recherches portant sur les applications cliniques de la fasciath\u00e9rapie sur la sant\u00e9 physique, mentale et plus largement sur le bien-\u00eatre global<\/span><\/li>\n<li style=\"font-weight: 400;\" aria-level=\"1\"><span style=\"font-weight: 400;\">R\u00e9flexions sur le paradigme de la fasciath\u00e9rapie et sa place dans le champ des Interventions Non M\u00e9dicamenteuses et dans la sant\u00e9 (le patient, le praticien, le soin,.)<\/span><\/li>\n<li style=\"font-weight: 400;\" aria-level=\"1\"><span style=\"font-weight: 400;\">D\u00e9veloppement d\u2019une exp\u00e9rience et expertise de la fasciath\u00e9rapie dans un domaine clinique<\/span><\/li>\n<\/ul>\t\t\t\t\t\t\t\t<\/div>\n\t\t\t\t<\/div>\n\t\t\t\t<div class=\"elementor-element elementor-element-b8e1484 elementor-widget elementor-widget-heading\" data-id=\"b8e1484\" data-element_type=\"widget\" data-e-type=\"widget\" data-widget_type=\"heading.default\">\n\t\t\t\t<div class=\"elementor-widget-container\">\n\t\t\t\t\t<h5 class=\"elementor-heading-title elementor-size-default\">Types de communication accept\u00e9es <\/h5>\t\t\t\t<\/div>\n\t\t\t\t<\/div>\n\t\t\t\t<div class=\"elementor-element elementor-element-cb55837 elementor-widget elementor-widget-text-editor\" data-id=\"cb55837\" data-element_type=\"widget\" data-e-type=\"widget\" data-widget_type=\"text-editor.default\">\n\t\t\t\t<div class=\"elementor-widget-container\">\n\t\t\t\t\t\t\t\t\t<ul>\n<li style=\"font-weight: 400;\" aria-level=\"1\"><span style=\"font-weight: 400;\">Communications scientifiques qui doivent porter sur l\u2019\u00e9tat des lieux des connaissances sur le fascia, les \u00e9tudes cliniques sur la fasciath\u00e9rapie, les recherches qualitatives, les cas cliniques et les revues de la litt\u00e9rature<\/span><\/li>\n<li style=\"font-weight: 400;\" aria-level=\"1\"><span style=\"font-weight: 400;\">Communications d\u2019expert qui sont centr\u00e9es sur les applications de terrain de la fasciath\u00e9rapie dans un domaine cibl\u00e9\u00a0: les auteurs devront faire un \u00e9tat des lieux des connaissances du domaine \u00e9tudi\u00e9, pr\u00e9senter des situations cliniques et d\u00e9gager des recommandations pour la pratique<\/span><\/li>\n<li style=\"font-weight: 400;\" aria-level=\"1\"><span style=\"font-weight: 400;\">Ateliers pratiques qui portent sur des applications g\u00e9n\u00e9ralistes de la fasciath\u00e9rapie ou sur des situations cliniques pr\u00e9cises\u00a0: les auteurs pourront faire un \u00e9tat des lieux des connaissances, pr\u00e9ciser l\u2019int\u00e9r\u00eat de la fasciath\u00e9rapie et proposer des mises en situation pratiques<\/span><\/li>\n<\/ul>\t\t\t\t\t\t\t\t<\/div>\n\t\t\t\t<\/div>\n\t\t\t\t<div class=\"elementor-element elementor-element-f5d9656 elementor-widget elementor-widget-heading\" data-id=\"f5d9656\" data-element_type=\"widget\" data-e-type=\"widget\" data-widget_type=\"heading.default\">\n\t\t\t\t<div class=\"elementor-widget-container\">\n\t\t\t\t\t<h5 class=\"elementor-heading-title elementor-size-default\">Format des communications<\/h5>\t\t\t\t<\/div>\n\t\t\t\t<\/div>\n\t\t\t\t<div class=\"elementor-element elementor-element-d9b7c6f elementor-widget elementor-widget-text-editor\" data-id=\"d9b7c6f\" data-element_type=\"widget\" data-e-type=\"widget\" data-widget_type=\"text-editor.default\">\n\t\t\t\t<div class=\"elementor-widget-container\">\n\t\t\t\t\t\t\t\t\t<ul>\n<li style=\"font-weight: 400;\" aria-level=\"1\"><span style=\"font-weight: 400;\">Communications orales d\u2019une dur\u00e9e de 15 \u00e0 20 minutes. Les communications orales s\u00e9lectionn\u00e9es pourront \u00eatre pr\u00e9sent\u00e9es par zoom en cas d\u2019impossibilit\u00e9 de se\u00a0<\/span><span style=\"font-weight: 400;\">d\u00e9placer.\u00a0<\/span><\/li>\n<li style=\"font-weight: 400;\" aria-level=\"1\"><span style=\"font-weight: 400;\">Communications affich\u00e9es mises \u00e0 disposition du public lors des pauses. Un prix du meilleur poster sera attribu\u00e9 par le comit\u00e9 scientifique.\u00a0<\/span><\/li>\n<\/ul>\n<p>Les auteurs choisissent leur type de communication mais le comit\u00e9 scientifique s\u2019autorise la possibilit\u00e9 de d\u00e9finir le type de communication en fonction du nombre de demandes re\u00e7ues.\u00a0<span style=\"font-weight: 400;\">Les communications pourront faire l\u2019objet d\u2019une publication dans le num\u00e9ro sp\u00e9cial de la revue R\u00e9ciprocit\u00e9s d\u00e9di\u00e9e au congr\u00e8s sur s\u00e9lection du comit\u00e9 scientifique.<\/span><\/p>\t\t\t\t\t\t\t\t<\/div>\n\t\t\t\t<\/div>\n\t\t\t\t<div class=\"elementor-element elementor-element-90a190c elementor-widget elementor-widget-heading\" data-id=\"90a190c\" data-element_type=\"widget\" data-e-type=\"widget\" data-widget_type=\"heading.default\">\n\t\t\t\t<div class=\"elementor-widget-container\">\n\t\t\t\t\t<h5 class=\"elementor-heading-title elementor-size-default\">Proc\u00e9dure de r\u00e9daction de la demande de communication et instructions aux auteurs<\/h5>\t\t\t\t<\/div>\n\t\t\t\t<\/div>\n\t\t\t\t<div class=\"elementor-element elementor-element-833e12c elementor-widget elementor-widget-text-editor\" data-id=\"833e12c\" data-element_type=\"widget\" data-e-type=\"widget\" data-widget_type=\"text-editor.default\">\n\t\t\t\t<div class=\"elementor-widget-container\">\n\t\t\t\t\t\t\t\t\t<p><span style=\"font-weight: 400;\">Les auteurs devront adresser un document en format pdf comprenant les \u00e9l\u00e9ments suivants suivants : l<\/span><span style=\"font-weight: 400;\">e titre de la communication; l<\/span><span style=\"font-weight: 400;\">e nom, pr\u00e9nom et l\u2019affiliation de chaque auteur ; u<\/span><span style=\"font-weight: 400;\">n r\u00e9sum\u00e9 en fran\u00e7ais ou en anglais de 300 mots maximum.<\/span><\/p>\n<ul>\n<li style=\"font-weight: 400;\" aria-level=\"1\"><span style=\"color: #000080;\"><i><span style=\"font-weight: 400;\">Pour une communication scientifique, le r\u00e9sum\u00e9 devra respecter le cadre suivant\u00a0:<\/span><\/i><\/span>\n<ul>\n<li style=\"font-weight: 400;\" aria-level=\"1\"><span style=\"font-weight: 400;\">Introduction avec une pr\u00e9sentation du contexte et de l\u2019\u00e9tat des lieux des connaissances<\/span><\/li>\n<li style=\"font-weight: 400;\" aria-level=\"1\"><span style=\"font-weight: 400;\">M\u00e9thodologie\u00a0: m\u00e9thode, la population \u00e9tudi\u00e9e, outils de recueil de donn\u00e9es<\/span><\/li>\n<li style=\"font-weight: 400;\" aria-level=\"1\"><span style=\"font-weight: 400;\">R\u00e9sultats<\/span><\/li>\n<li style=\"font-weight: 400;\" aria-level=\"1\"><span style=\"font-weight: 400;\">Conclusion\/discussion et perspectives<\/span><\/li>\n<\/ul>\n<\/li>\n<\/ul>\n<ul>\n<li style=\"font-weight: 400;\" aria-level=\"1\"><span style=\"color: #000080;\"><i><span style=\"font-weight: 400;\">Pour une communication d\u2019experts\u00a0:\u00a0<\/span><\/i><\/span>\n<ul>\n<li style=\"font-weight: 400;\" aria-level=\"1\"><span style=\"font-weight: 400;\">Introduction\u00a0comprenant le parcours de l\u2019auteur, le terrain d\u2019exercice et les sp\u00e9cificit\u00e9s du domaine \u00e9tudi\u00e9<\/span><\/li>\n<li style=\"font-weight: 400;\" aria-level=\"1\"><span style=\"font-weight: 400;\">Modalit\u00e9s d\u2019impl\u00e9mentation de la fasciath\u00e9rapie dans le domaine et le terrain \u00e9tudi\u00e9s<\/span><\/li>\n<li style=\"font-weight: 400;\" aria-level=\"1\"><span style=\"font-weight: 400;\">Mise en \u00e9vidence des apports\/b\u00e9n\u00e9fices\/risques de la fasciath\u00e9rapie et recommandations pour la pratique<\/span><\/li>\n<\/ul>\n<\/li>\n<\/ul>\n<ul>\n<li style=\"font-weight: 400;\" aria-level=\"1\"><span style=\"color: #000080;\"><i><span style=\"font-weight: 400;\">Pour un atelier pratique\u00a0:<\/span><\/i><\/span>\n<ul>\n<li style=\"font-weight: 400;\" aria-level=\"1\"><span style=\"font-weight: 400;\">Introduction contenant les sp\u00e9cificit\u00e9s de l\u2019atelier\u00a0: application sur un domaine, modalit\u00e9s de pratiques de la fasciath\u00e9rapie, int\u00e9gration de pratiques connexes (m\u00e9ditation, gymnastique sensorielle, entretien verbal)<\/span><\/li>\n<li style=\"font-weight: 400;\" aria-level=\"1\"><span style=\"font-weight: 400;\">Modalit\u00e9s de mise en situation pratique\u00a0<\/span><\/li>\n<li style=\"font-weight: 400;\" aria-level=\"1\"><span style=\"font-weight: 400;\">\u00c9changes avec les participants<\/span><\/li>\n<\/ul>\n<\/li>\n<\/ul>\n<p>\u00a0<\/p>\t\t\t\t\t\t\t\t<\/div>\n\t\t\t\t<\/div>\n\t\t\t\t<div class=\"elementor-element elementor-element-ed109cb elementor-widget elementor-widget-text-editor\" data-id=\"ed109cb\" data-element_type=\"widget\" data-e-type=\"widget\" data-widget_type=\"text-editor.default\">\n\t\t\t\t<div class=\"elementor-widget-container\">\n\t\t\t\t\t\t\t\t\t<h5 style=\"text-align: right;\"><span style=\"color: #0000ff;\">Les communications sont \u00e0 adresser : cs.congres2025@fasciafrance.fr<\/span><\/h5>\t\t\t\t\t\t\t\t<\/div>\n\t\t\t\t<\/div>\n\t\t\t\t\t<\/div>\n\t\t\t\t<\/div>\n\t\t<div class=\"elementor-element elementor-element-947d2d5 e-flex e-con-boxed e-con e-parent\" data-id=\"947d2d5\" data-element_type=\"container\" data-e-type=\"container\">\n\t\t\t\t\t<div class=\"e-con-inner\">\n\t\t\t\t<div class=\"elementor-element elementor-element-c93cb80 elementor-widget elementor-widget-text-editor\" data-id=\"c93cb80\" data-element_type=\"widget\" data-e-type=\"widget\" data-widget_type=\"text-editor.default\">\n\t\t\t\t<div class=\"elementor-widget-container\">\n\t\t\t\t\t\t\t\t\t<p>\u00a0<\/p>\n<p><strong>Le comit\u00e9 scientifique du congr\u00e8s<\/strong> est compos\u00e9 de :<\/p>\n<p><!-- \/wp:paragraph --><!-- wp:list --><\/p>\n<ul class=\"wp-block-list\"><!-- wp:list-item -->\n<li>C. Courraud, directeur du CERAP\/UFP, docteur en sciences sociales<\/li>\n<!-- \/wp:list-item --><!-- wp:list-item -->\n<li>H. Bourhis-Bois, directrice adjointe du CERAP\/UFP, docteure en sciences de l&rsquo;\u00e9ducation<\/li>\n<!-- \/wp:list-item --><!-- wp:list-item -->\n<li>I. Bertrand, Chercheure au CERAP\/UFP, docteure en sciences sociales<\/li>\n<!-- \/wp:list-item --><!-- wp:list-item -->\n<li>L. Riquel, Professeure \u00e0 l&rsquo;Universit\u00e9 de Sant\u00e9 de la R\u00e9union, chercheure eu CERAP\/UFP<\/li>\n<!-- \/wp:list-item --><!-- wp:list-item -->\n<li>A. Lieutaud, directrice de publication de la revue R\u00e9ciprocit\u00e9s, chercheure au CERAP\/UFP<\/li>\n<li>E. Duprat, Docteur en m\u00e9decine, Psychiatre, chercheure au CERAP\/UFP<\/li>\n<\/ul>\t\t\t\t\t\t\t\t<\/div>\n\t\t\t\t<\/div>\n\t\t\t\t\t<\/div>\n\t\t\t\t<\/div>\n\t\t<div class=\"elementor-element elementor-element-9442be9 e-flex e-con-boxed e-con e-parent\" data-id=\"9442be9\" data-element_type=\"container\" data-e-type=\"container\">\n\t\t\t\t\t<div class=\"e-con-inner\">\n\t\t\t\t\t<\/div>\n\t\t\t\t<\/div>\n\t\t\t\t<\/div>\n\t\t","protected":false},"excerpt":{"rendered":"<p>Appel \u00e0 communications Le comit\u00e9 scientifique et le comit\u00e9 d\u2019organisation ont le plaisir de vous informer qu\u2019un appel \u00e0 communication&hellip; <\/p>\n","protected":false},"author":1,"featured_media":0,"parent":0,"menu_order":0,"comment_status":"closed","ping_status":"closed","template":"","meta":{"footnotes":""},"class_list":["post-135","page","type-page","status-publish","hentry"],"yoast_head":"<!-- This site is optimized with the Yoast SEO plugin v25.4 - https:\/\/yoast.com\/wordpress\/plugins\/seo\/ -->\n<title>Appel \u00e0 communications - Congr\u00e8s 2025<\/title>\n<meta name=\"robots\" content=\"index, follow, max-snippet:-1, max-image-preview:large, max-video-preview:-1\" \/>\n<link rel=\"canonical\" href=\"https:\/\/fasciatherapie.org\/congres2025fasciafrance\/appel-a-communication\/\" \/>\n<meta property=\"og:locale\" content=\"fr_FR\" \/>\n<meta property=\"og:type\" content=\"article\" \/>\n<meta property=\"og:title\" content=\"Appel \u00e0 communications - Congr\u00e8s 2025\" \/>\n<meta property=\"og:description\" content=\"Appel \u00e0 communications Le comit\u00e9 scientifique et le comit\u00e9 d\u2019organisation ont le plaisir de vous informer qu\u2019un appel \u00e0 communication&hellip;\" \/>\n<meta property=\"og:url\" content=\"https:\/\/fasciatherapie.org\/congres2025fasciafrance\/appel-a-communication\/\" \/>\n<meta property=\"og:site_name\" content=\"Congr\u00e8s 2025\" \/>\n<meta property=\"article:modified_time\" content=\"2025-02-18T08:46:44+00:00\" \/>\n<meta name=\"twitter:card\" content=\"summary_large_image\" \/>\n<meta name=\"twitter:label1\" content=\"Dur\u00e9e de lecture estim\u00e9e\" \/>\n\t<meta name=\"twitter:data1\" content=\"4 minutes\" \/>\n<script type=\"application\/ld+json\" class=\"yoast-schema-graph\">{\"@context\":\"https:\/\/schema.org\",\"@graph\":[{\"@type\":\"WebPage\",\"@id\":\"https:\/\/fasciatherapie.org\/congres2025fasciafrance\/appel-a-communication\/\",\"url\":\"https:\/\/fasciatherapie.org\/congres2025fasciafrance\/appel-a-communication\/\",\"name\":\"Appel \u00e0 communications - Congr\u00e8s 2025\",\"isPartOf\":{\"@id\":\"https:\/\/fasciatherapie.org\/congres2025fasciafrance\/#website\"},\"datePublished\":\"2024-07-30T09:27:04+00:00\",\"dateModified\":\"2025-02-18T08:46:44+00:00\",\"breadcrumb\":{\"@id\":\"https:\/\/fasciatherapie.org\/congres2025fasciafrance\/appel-a-communication\/#breadcrumb\"},\"inLanguage\":\"fr-FR\",\"potentialAction\":[{\"@type\":\"ReadAction\",\"target\":[\"https:\/\/fasciatherapie.org\/congres2025fasciafrance\/appel-a-communication\/\"]}]},{\"@type\":\"BreadcrumbList\",\"@id\":\"https:\/\/fasciatherapie.org\/congres2025fasciafrance\/appel-a-communication\/#breadcrumb\",\"itemListElement\":[{\"@type\":\"ListItem\",\"position\":1,\"name\":\"Accueil\",\"item\":\"https:\/\/fasciatherapie.org\/congres2025fasciafrance\/\"},{\"@type\":\"ListItem\",\"position\":2,\"name\":\"Appel \u00e0 communications\"}]},{\"@type\":\"WebSite\",\"@id\":\"https:\/\/fasciatherapie.org\/congres2025fasciafrance\/#website\",\"url\":\"https:\/\/fasciatherapie.org\/congres2025fasciafrance\/\",\"name\":\"Congr\u00e8s 2025\",\"description\":\"\",\"publisher\":{\"@id\":\"https:\/\/fasciatherapie.org\/congres2025fasciafrance\/#organization\"},\"potentialAction\":[{\"@type\":\"SearchAction\",\"target\":{\"@type\":\"EntryPoint\",\"urlTemplate\":\"https:\/\/fasciatherapie.org\/congres2025fasciafrance\/?s={search_term_string}\"},\"query-input\":{\"@type\":\"PropertyValueSpecification\",\"valueRequired\":true,\"valueName\":\"search_term_string\"}}],\"inLanguage\":\"fr-FR\"},{\"@type\":\"Organization\",\"@id\":\"https:\/\/fasciatherapie.org\/congres2025fasciafrance\/#organization\",\"name\":\"Congr\u00e8s 2025\",\"url\":\"https:\/\/fasciatherapie.org\/congres2025fasciafrance\/\",\"logo\":{\"@type\":\"ImageObject\",\"inLanguage\":\"fr-FR\",\"@id\":\"https:\/\/fasciatherapie.org\/congres2025fasciafrance\/#\/schema\/logo\/image\/\",\"url\":\"https:\/\/fasciatherapie.org\/congres2025fasciafrance\/wp-content\/uploads\/2024\/07\/cropped-cropped-Logo-30-ans-Fascia-France.jpg\",\"contentUrl\":\"https:\/\/fasciatherapie.org\/congres2025fasciafrance\/wp-content\/uploads\/2024\/07\/cropped-cropped-Logo-30-ans-Fascia-France.jpg\",\"width\":512,\"height\":512,\"caption\":\"Congr\u00e8s 2025\"},\"image\":{\"@id\":\"https:\/\/fasciatherapie.org\/congres2025fasciafrance\/#\/schema\/logo\/image\/\"}}]}<\/script>\n<!-- \/ Yoast SEO plugin. -->","yoast_head_json":{"title":"Appel \u00e0 communications - Congr\u00e8s 2025","robots":{"index":"index","follow":"follow","max-snippet":"max-snippet:-1","max-image-preview":"max-image-preview:large","max-video-preview":"max-video-preview:-1"},"canonical":"https:\/\/fasciatherapie.org\/congres2025fasciafrance\/appel-a-communication\/","og_locale":"fr_FR","og_type":"article","og_title":"Appel \u00e0 communications - Congr\u00e8s 2025","og_description":"Appel \u00e0 communications Le comit\u00e9 scientifique et le comit\u00e9 d\u2019organisation ont le plaisir de vous informer qu\u2019un appel \u00e0 communication&hellip;","og_url":"https:\/\/fasciatherapie.org\/congres2025fasciafrance\/appel-a-communication\/","og_site_name":"Congr\u00e8s 2025","article_modified_time":"2025-02-18T08:46:44+00:00","twitter_card":"summary_large_image","twitter_misc":{"Dur\u00e9e de lecture estim\u00e9e":"4 minutes"},"schema":{"@context":"https:\/\/schema.org","@graph":[{"@type":"WebPage","@id":"https:\/\/fasciatherapie.org\/congres2025fasciafrance\/appel-a-communication\/","url":"https:\/\/fasciatherapie.org\/congres2025fasciafrance\/appel-a-communication\/","name":"Appel \u00e0 communications - Congr\u00e8s 2025","isPartOf":{"@id":"https:\/\/fasciatherapie.org\/congres2025fasciafrance\/#website"},"datePublished":"2024-07-30T09:27:04+00:00","dateModified":"2025-02-18T08:46:44+00:00","breadcrumb":{"@id":"https:\/\/fasciatherapie.org\/congres2025fasciafrance\/appel-a-communication\/#breadcrumb"},"inLanguage":"fr-FR","potentialAction":[{"@type":"ReadAction","target":["https:\/\/fasciatherapie.org\/congres2025fasciafrance\/appel-a-communication\/"]}]},{"@type":"BreadcrumbList","@id":"https:\/\/fasciatherapie.org\/congres2025fasciafrance\/appel-a-communication\/#breadcrumb","itemListElement":[{"@type":"ListItem","position":1,"name":"Accueil","item":"https:\/\/fasciatherapie.org\/congres2025fasciafrance\/"},{"@type":"ListItem","position":2,"name":"Appel \u00e0 communications"}]},{"@type":"WebSite","@id":"https:\/\/fasciatherapie.org\/congres2025fasciafrance\/#website","url":"https:\/\/fasciatherapie.org\/congres2025fasciafrance\/","name":"Congr\u00e8s 2025","description":"","publisher":{"@id":"https:\/\/fasciatherapie.org\/congres2025fasciafrance\/#organization"},"potentialAction":[{"@type":"SearchAction","target":{"@type":"EntryPoint","urlTemplate":"https:\/\/fasciatherapie.org\/congres2025fasciafrance\/?s={search_term_string}"},"query-input":{"@type":"PropertyValueSpecification","valueRequired":true,"valueName":"search_term_string"}}],"inLanguage":"fr-FR"},{"@type":"Organization","@id":"https:\/\/fasciatherapie.org\/congres2025fasciafrance\/#organization","name":"Congr\u00e8s 2025","url":"https:\/\/fasciatherapie.org\/congres2025fasciafrance\/","logo":{"@type":"ImageObject","inLanguage":"fr-FR","@id":"https:\/\/fasciatherapie.org\/congres2025fasciafrance\/#\/schema\/logo\/image\/","url":"https:\/\/fasciatherapie.org\/congres2025fasciafrance\/wp-content\/uploads\/2024\/07\/cropped-cropped-Logo-30-ans-Fascia-France.jpg","contentUrl":"https:\/\/fasciatherapie.org\/congres2025fasciafrance\/wp-content\/uploads\/2024\/07\/cropped-cropped-Logo-30-ans-Fascia-France.jpg","width":512,"height":512,"caption":"Congr\u00e8s 2025"},"image":{"@id":"https:\/\/fasciatherapie.org\/congres2025fasciafrance\/#\/schema\/logo\/image\/"}}]}},"_links":{"self":[{"href":"https:\/\/fasciatherapie.org\/congres2025fasciafrance\/wp-json\/wp\/v2\/pages\/135","targetHints":{"allow":["GET"]}}],"collection":[{"href":"https:\/\/fasciatherapie.org\/congres2025fasciafrance\/wp-json\/wp\/v2\/pages"}],"about":[{"href":"https:\/\/fasciatherapie.org\/congres2025fasciafrance\/wp-json\/wp\/v2\/types\/page"}],"author":[{"embeddable":true,"href":"https:\/\/fasciatherapie.org\/congres2025fasciafrance\/wp-json\/wp\/v2\/users\/1"}],"replies":[{"embeddable":true,"href":"https:\/\/fasciatherapie.org\/congres2025fasciafrance\/wp-json\/wp\/v2\/comments?post=135"}],"version-history":[{"count":32,"href":"https:\/\/fasciatherapie.org\/congres2025fasciafrance\/wp-json\/wp\/v2\/pages\/135\/revisions"}],"predecessor-version":[{"id":1150,"href":"https:\/\/fasciatherapie.org\/congres2025fasciafrance\/wp-json\/wp\/v2\/pages\/135\/revisions\/1150"}],"wp:attachment":[{"href":"https:\/\/fasciatherapie.org\/congres2025fasciafrance\/wp-json\/wp\/v2\/media?parent=135"}],"curies":[{"name":"wp","href":"https:\/\/api.w.org\/{rel}","templated":true}]}}